{"id":2779,"date":"2019-09-01T23:33:25","date_gmt":"2019-09-01T21:33:25","guid":{"rendered":"https:\/\/klautegon.si\/izdelek\/trasporti-brescia-it-sempeter-pri-gorici\/"},"modified":"2019-09-24T23:56:34","modified_gmt":"2019-09-24T21:56:34","slug":"trasporti-sempeter-pri-gorici-brescia-it","status":"publish","type":"product","link":"https:\/\/klautegon.si\/it\/izdelek\/trasporti-sempeter-pri-gorici-brescia-it\/","title":{"rendered":"Trasporti \u0160empeter pri Gorici &#8211; Brescia (IT)"},"content":{"rendered":"<p>Testni opis produkta.<\/p>\n","protected":false},"excerpt":{"rendered":"<p>Questo servizio offre la possibilit\u00e0 di ordinare merci online dalla destinazione prescelta (Brescia, IT) al nostro magazzino di \u0160empeter pri Gorici. Per carichi maggiori (170+ pallet) o requisiti speciali, ti invitiamo a contattarci direttamente.<\/p>\n<p><strong> Il prezzo include le spese di gestione e due giorni di archiviazione. <\/strong><\/p>\n","protected":false},"featured_media":1877,"template":"","meta":{"_acf_changed":false,"_et_pb_use_builder":"off","_et_pb_old_content":"<p>Testni opis produkta.<\/p>","_et_gb_content_width":""},"product_cat":[68],"product_tag":[],"class_list":{"0":"post-2779","1":"product","2":"type-product","3":"status-publish","4":"has-post-thumbnail","6":"product_cat-slovenija-italija-it","7":"wcpa_has_options","9":"first","10":"instock","11":"taxable","12":"shipping-taxable","13":"purchasable","14":"product-type-simple"},"acf":[],"wcpa_form_fields":{"rules":{"pric_overide_base_price":false,"pric_overide_base_price_if_gt_zero":false,"pric_cal_option_once":false,"pric_use_as_fee":false,"bind_quantity":false,"quantity_bind_formula":false},"fields":[{"type":"date","required":true,"elementId":"wcpa-date-1566975021829","label":"Scegli la data di consegna del carico","placeholder":"Scegli una data","pricingType":"fixed","className":"datum","name":"datum","min_date":"None","max_date":"None","cl_rule":"show","col":6,"relations":false,"form_id":2831,"form_rules":{"pric_cal_option_once":false,"exclude_from_discount":false,"pric_use_as_fee":false,"fee_label":"Fee","render_after_acb":false,"disp_hide_options_price":false}},{"type":"select","required":true,"elementId":"wcpa-select-1566975029115","label":"Il luogo di consegna del carico si trova in una citt\u00e0 o nel raggio di 10 km dalla zona circostante","placeholder":"Selezionare","priceOptions":"different_for_all","pricingType":"fixed","className":"okolica","name":"okolica","cl_rule":"show","cl_val":"DA","col":6,"values":[{"label":"DA","value":"DA","price":""},{"label":"NE","value":"NE","price":""}],"relations":[{"operator":false,"rules":[{"operator":false,"rules":{"cl_field":"wcpa-select-1566975029115","cl_relation":"is","cl_val":{"i":"0","value":"DA"}}}]}],"wpml_sync":true,"form_id":2831,"form_rules":{"pric_cal_option_once":false,"exclude_from_discount":false,"pric_use_as_fee":false,"fee_label":"Fee","render_after_acb":false,"disp_hide_options_price":false}},{"type":"placeselector","elementId":"wcpa-placeselector-1566983108541","label":"Inserisci l'indirizzo di spedizione o di ritiro corretto","showmap":true,"map_height":"300","pricingType":"fixed","name":"placeselector-1566983108541","enableCl":true,"cl_rule":"hide","cl_val":"NE","col":6,"values":[],"relations":[{"operator":false,"rules":[{"operator":false,"rules":{"cl_field":"wcpa-select-1566975029115","cl_relation":"is","cl_val":{"i":"1","value":"NE"}}}]}],"form_id":2831,"form_rules":{"pric_cal_option_once":false,"exclude_from_discount":false,"pric_use_as_fee":false,"fee_label":"Fee","render_after_acb":false,"disp_hide_options_price":false}},{"type":"paragraph","subtype":"p","label":"In caso di consegna al di fuori del raggio di 10 km dalla zona circostante della citt\u00e0 selezionata, vi preghiamo di contattarci via e-mail o telefono per il trasporto.","elementId":"wcpa-paragraph-1567160101434","pricingType":"fixed","className":"obvestilo_prevoz","enableCl":true,"cl_rule":"show","cl_val":"NE","col":6,"relations":[{"operator":false,"rules":[{"operator":false,"rules":{"cl_field":"wcpa-select-1566975029115","cl_relation":"is","cl_val":{"i":"1","value":"NE"}}}]}],"form_id":2831,"form_rules":{"pric_cal_option_once":false,"exclude_from_discount":false,"pric_use_as_fee":false,"fee_label":"Fee","render_after_acb":false,"disp_hide_options_price":false}},{"type":"textarea","elementId":"wcpa-textarea-1567161072502","label":"Requisiti aggiuntivi","placeholder":"Inserisci i tuoi requisiti aggiuntivi ...","pricingType":"fixed","name":"textarea-1567161072502","cl_rule":"show","col":6,"relations":false,"form_id":2831,"form_rules":{"pric_cal_option_once":false,"exclude_from_discount":false,"pric_use_as_fee":false,"fee_label":"Fee","render_after_acb":false,"disp_hide_options_price":false}}]},"yoast_head":"<!-- This site is optimized with the Yoast SEO plugin v23.6 - https:\/\/yoast.com\/wordpress\/plugins\/seo\/ -->\n<title>Trasporti \u0160empeter pri Gorici - Brescia (IT) - Klaut Egon d.o.o.<\/title>\n<meta name=\"robots\" content=\"index, follow, max-snippet:-1, max-image-preview:large, max-video-preview:-1\" \/>\n<link rel=\"canonical\" href=\"https:\/\/klautegon.si\/izdelek\/prevoz-sempeter-pri-gorici-brescia-it\/\" \/>\n<meta property=\"og:locale\" content=\"it_IT\" \/>\n<meta property=\"og:type\" content=\"article\" \/>\n<meta property=\"og:title\" content=\"Trasporti \u0160empeter pri Gorici - Brescia (IT) - Klaut Egon d.o.o.\" \/>\n<meta property=\"og:description\" content=\"Questo servizio offre la possibilit\u00e0 di ordinare merci online dalla destinazione prescelta (Brescia, IT) al nostro magazzino di \u0160empeter pri Gorici. Per carichi maggiori (170+ pallet) o requisiti speciali, ti invitiamo a contattarci direttamente.   Il prezzo include le spese di gestione e due giorni di archiviazione.\" \/>\n<meta property=\"og:url\" content=\"https:\/\/klautegon.si\/izdelek\/prevoz-sempeter-pri-gorici-brescia-it\/\" \/>\n<meta property=\"og:site_name\" content=\"Klaut Egon d.o.o.\" \/>\n<meta property=\"article:publisher\" content=\"https:\/\/www.facebook.com\/klautegon\" \/>\n<meta property=\"article:modified_time\" content=\"2019-09-24T21:56:34+00:00\" \/>\n<meta property=\"og:image\" content=\"https:\/\/klautegon.si\/wp-content\/uploads\/2019\/08\/brescia.jpg\" \/>\n\t<meta property=\"og:image:width\" content=\"535\" \/>\n\t<meta property=\"og:image:height\" content=\"535\" \/>\n\t<meta property=\"og:image:type\" content=\"image\/jpeg\" \/>\n<meta name=\"twitter:card\" content=\"summary_large_image\" \/>\n<script type=\"application\/ld+json\" class=\"yoast-schema-graph\">{\"@context\":\"https:\/\/schema.org\",\"@graph\":[{\"@type\":\"WebPage\",\"@id\":\"https:\/\/klautegon.si\/izdelek\/prevoz-sempeter-pri-gorici-brescia-it\/\",\"url\":\"https:\/\/klautegon.si\/izdelek\/prevoz-sempeter-pri-gorici-brescia-it\/\",\"name\":\"Trasporti \u0160empeter pri Gorici - Brescia (IT) - Klaut Egon d.o.o.\",\"isPartOf\":{\"@id\":\"https:\/\/klautegon.si\/#website\"},\"primaryImageOfPage\":{\"@id\":\"https:\/\/klautegon.si\/izdelek\/prevoz-sempeter-pri-gorici-brescia-it\/#primaryimage\"},\"image\":{\"@id\":\"https:\/\/klautegon.si\/izdelek\/prevoz-sempeter-pri-gorici-brescia-it\/#primaryimage\"},\"thumbnailUrl\":\"https:\/\/klautegon.si\/wp-content\/uploads\/2019\/08\/brescia.jpg\",\"datePublished\":\"2019-09-01T21:33:25+00:00\",\"dateModified\":\"2019-09-24T21:56:34+00:00\",\"breadcrumb\":{\"@id\":\"https:\/\/klautegon.si\/izdelek\/prevoz-sempeter-pri-gorici-brescia-it\/#breadcrumb\"},\"inLanguage\":\"it-IT\",\"potentialAction\":[{\"@type\":\"ReadAction\",\"target\":[\"https:\/\/klautegon.si\/izdelek\/prevoz-sempeter-pri-gorici-brescia-it\/\"]}]},{\"@type\":\"ImageObject\",\"inLanguage\":\"it-IT\",\"@id\":\"https:\/\/klautegon.si\/izdelek\/prevoz-sempeter-pri-gorici-brescia-it\/#primaryimage\",\"url\":\"https:\/\/klautegon.si\/wp-content\/uploads\/2019\/08\/brescia.jpg\",\"contentUrl\":\"https:\/\/klautegon.si\/wp-content\/uploads\/2019\/08\/brescia.jpg\",\"width\":535,\"height\":535},{\"@type\":\"BreadcrumbList\",\"@id\":\"https:\/\/klautegon.si\/izdelek\/prevoz-sempeter-pri-gorici-brescia-it\/#breadcrumb\",\"itemListElement\":[{\"@type\":\"ListItem\",\"position\":1,\"name\":\"Home\",\"item\":\"https:\/\/klautegon.si\/it\/\"},{\"@type\":\"ListItem\",\"position\":2,\"name\":\"Negozio online\",\"item\":\"https:\/\/klautegon.si\/it\/negozio-online\/\"},{\"@type\":\"ListItem\",\"position\":3,\"name\":\"Trasporti \u0160empeter pri Gorici &#8211; Brescia (IT)\"}]},{\"@type\":\"WebSite\",\"@id\":\"https:\/\/klautegon.si\/#website\",\"url\":\"https:\/\/klautegon.si\/\",\"name\":\"Klaut Egon d.o.o.\",\"description\":\"Trasporti & logistica - Vrtojba, Slovenija\",\"publisher\":{\"@id\":\"https:\/\/klautegon.si\/#organization\"},\"potentialAction\":[{\"@type\":\"SearchAction\",\"target\":{\"@type\":\"EntryPoint\",\"urlTemplate\":\"https:\/\/klautegon.si\/?s={search_term_string}\"},\"query-input\":{\"@type\":\"PropertyValueSpecification\",\"valueRequired\":true,\"valueName\":\"search_term_string\"}}],\"inLanguage\":\"it-IT\"},{\"@type\":\"Organization\",\"@id\":\"https:\/\/klautegon.si\/#organization\",\"name\":\"Klaut Egon d.o.o.\",\"url\":\"https:\/\/klautegon.si\/\",\"logo\":{\"@type\":\"ImageObject\",\"inLanguage\":\"it-IT\",\"@id\":\"https:\/\/klautegon.si\/#\/schema\/logo\/image\/\",\"url\":\"https:\/\/klautegon.si\/wp-content\/uploads\/2019\/12\/logo-klaut-egon.jpg\",\"contentUrl\":\"https:\/\/klautegon.si\/wp-content\/uploads\/2019\/12\/logo-klaut-egon.jpg\",\"width\":400,\"height\":88,\"caption\":\"Klaut Egon d.o.o.\"},\"image\":{\"@id\":\"https:\/\/klautegon.si\/#\/schema\/logo\/image\/\"},\"sameAs\":[\"https:\/\/www.facebook.com\/klautegon\"]}]}<\/script>\n<!-- \/ Yoast SEO plugin. -->","yoast_head_json":{"title":"Trasporti \u0160empeter pri Gorici - Brescia (IT) - Klaut Egon d.o.o.","robots":{"index":"index","follow":"follow","max-snippet":"max-snippet:-1","max-image-preview":"max-image-preview:large","max-video-preview":"max-video-preview:-1"},"canonical":"https:\/\/klautegon.si\/izdelek\/prevoz-sempeter-pri-gorici-brescia-it\/","og_locale":"it_IT","og_type":"article","og_title":"Trasporti \u0160empeter pri Gorici - Brescia (IT) - Klaut Egon d.o.o.","og_description":"Questo servizio offre la possibilit\u00e0 di ordinare merci online dalla destinazione prescelta (Brescia, IT) al nostro magazzino di \u0160empeter pri Gorici. Per carichi maggiori (170+ pallet) o requisiti speciali, ti invitiamo a contattarci direttamente.   Il prezzo include le spese di gestione e due giorni di archiviazione.","og_url":"https:\/\/klautegon.si\/izdelek\/prevoz-sempeter-pri-gorici-brescia-it\/","og_site_name":"Klaut Egon d.o.o.","article_publisher":"https:\/\/www.facebook.com\/klautegon","article_modified_time":"2019-09-24T21:56:34+00:00","og_image":[{"width":535,"height":535,"url":"https:\/\/klautegon.si\/wp-content\/uploads\/2019\/08\/brescia.jpg","type":"image\/jpeg"}],"twitter_card":"summary_large_image","schema":{"@context":"https:\/\/schema.org","@graph":[{"@type":"WebPage","@id":"https:\/\/klautegon.si\/izdelek\/prevoz-sempeter-pri-gorici-brescia-it\/","url":"https:\/\/klautegon.si\/izdelek\/prevoz-sempeter-pri-gorici-brescia-it\/","name":"Trasporti \u0160empeter pri Gorici - Brescia (IT) - Klaut Egon d.o.o.","isPartOf":{"@id":"https:\/\/klautegon.si\/#website"},"primaryImageOfPage":{"@id":"https:\/\/klautegon.si\/izdelek\/prevoz-sempeter-pri-gorici-brescia-it\/#primaryimage"},"image":{"@id":"https:\/\/klautegon.si\/izdelek\/prevoz-sempeter-pri-gorici-brescia-it\/#primaryimage"},"thumbnailUrl":"https:\/\/klautegon.si\/wp-content\/uploads\/2019\/08\/brescia.jpg","datePublished":"2019-09-01T21:33:25+00:00","dateModified":"2019-09-24T21:56:34+00:00","breadcrumb":{"@id":"https:\/\/klautegon.si\/izdelek\/prevoz-sempeter-pri-gorici-brescia-it\/#breadcrumb"},"inLanguage":"it-IT","potentialAction":[{"@type":"ReadAction","target":["https:\/\/klautegon.si\/izdelek\/prevoz-sempeter-pri-gorici-brescia-it\/"]}]},{"@type":"ImageObject","inLanguage":"it-IT","@id":"https:\/\/klautegon.si\/izdelek\/prevoz-sempeter-pri-gorici-brescia-it\/#primaryimage","url":"https:\/\/klautegon.si\/wp-content\/uploads\/2019\/08\/brescia.jpg","contentUrl":"https:\/\/klautegon.si\/wp-content\/uploads\/2019\/08\/brescia.jpg","width":535,"height":535},{"@type":"BreadcrumbList","@id":"https:\/\/klautegon.si\/izdelek\/prevoz-sempeter-pri-gorici-brescia-it\/#breadcrumb","itemListElement":[{"@type":"ListItem","position":1,"name":"Home","item":"https:\/\/klautegon.si\/it\/"},{"@type":"ListItem","position":2,"name":"Negozio online","item":"https:\/\/klautegon.si\/it\/negozio-online\/"},{"@type":"ListItem","position":3,"name":"Trasporti \u0160empeter pri Gorici &#8211; Brescia (IT)"}]},{"@type":"WebSite","@id":"https:\/\/klautegon.si\/#website","url":"https:\/\/klautegon.si\/","name":"Klaut Egon d.o.o.","description":"Trasporti & logistica - Vrtojba, Slovenija","publisher":{"@id":"https:\/\/klautegon.si\/#organization"},"potentialAction":[{"@type":"SearchAction","target":{"@type":"EntryPoint","urlTemplate":"https:\/\/klautegon.si\/?s={search_term_string}"},"query-input":{"@type":"PropertyValueSpecification","valueRequired":true,"valueName":"search_term_string"}}],"inLanguage":"it-IT"},{"@type":"Organization","@id":"https:\/\/klautegon.si\/#organization","name":"Klaut Egon d.o.o.","url":"https:\/\/klautegon.si\/","logo":{"@type":"ImageObject","inLanguage":"it-IT","@id":"https:\/\/klautegon.si\/#\/schema\/logo\/image\/","url":"https:\/\/klautegon.si\/wp-content\/uploads\/2019\/12\/logo-klaut-egon.jpg","contentUrl":"https:\/\/klautegon.si\/wp-content\/uploads\/2019\/12\/logo-klaut-egon.jpg","width":400,"height":88,"caption":"Klaut Egon d.o.o."},"image":{"@id":"https:\/\/klautegon.si\/#\/schema\/logo\/image\/"},"sameAs":["https:\/\/www.facebook.com\/klautegon"]}]}},"_links":{"self":[{"href":"https:\/\/klautegon.si\/it\/wp-json\/wp\/v2\/product\/2779"}],"collection":[{"href":"https:\/\/klautegon.si\/it\/wp-json\/wp\/v2\/product"}],"about":[{"href":"https:\/\/klautegon.si\/it\/wp-json\/wp\/v2\/types\/product"}],"wp:featuredmedia":[{"embeddable":true,"href":"https:\/\/klautegon.si\/it\/wp-json\/wp\/v2\/media\/1877"}],"wp:attachment":[{"href":"https:\/\/klautegon.si\/it\/wp-json\/wp\/v2\/media?parent=2779"}],"wp:term":[{"taxonomy":"product_cat","embeddable":true,"href":"https:\/\/klautegon.si\/it\/wp-json\/wp\/v2\/product_cat?post=2779"},{"taxonomy":"product_tag","embeddable":true,"href":"https:\/\/klautegon.si\/it\/wp-json\/wp\/v2\/product_tag?post=2779"}],"curies":[{"name":"wp","href":"https:\/\/api.w.org\/{rel}","templated":true}]}}